{"id":9949,"date":"2022-01-27T10:23:20","date_gmt":"2022-01-27T09:23:20","guid":{"rendered":"http:\/\/grain-dpixel.fr\/info\/?post_type=tribe_events&#038;p=9949"},"modified":"2022-01-31T19:03:33","modified_gmt":"2022-01-31T18:03:33","slug":"vernissage-exposition-photos-elsa-dupont-revers-de-ma-vie","status":"publish","type":"tribe_events","link":"https:\/\/grain-dpixel.fr\/info\/event\/vernissage-exposition-photos-elsa-dupont-revers-de-ma-vie\/","title":{"rendered":"Vernissage &#8211; Exposition photos Elsa Dupont &#8211; REVERS de ma vie &#8211;"},"content":{"rendered":"<p><strong>Elsa Dupont, membre de l&rsquo;association grain d&rsquo;pixel, vous convie \u00e0 visiter son exposition\u00a0<\/strong><\/p>\n<p class=\"yiv4410232475MsoNormal\"><i>Dans une histoire, il y a toujours plusieurs versions, m\u00eame si chaque protagoniste \u00e9tait bien pr\u00e9sent dans le m\u00eame lieu. L\u2019interpr\u00e9tation de chacun construit un r\u00e9cit plus riche, parfois \u00e9dulcor\u00e9 mais tout aussi savoureux. Ce n\u2019est jamais tout blanc ni tout noir, il faut savoir appr\u00e9cier les nuances pour s\u2019ouvrir \u00e0 d\u2019autres points de vue.<\/i><\/p>\n<p class=\"yiv4410232475MsoNormal\">Ce projet est construit autour de moments qui ont empreint la vie de l\u2019artiste pour lui donner sa pr\u00e9gnance actuelle\u00a0: les revers de la vie.\u00a0<i>Parfois heureux, parfois sombres mais bien souvent apais\u00e9s par une ambition plus forte, un inextinguible besoin de libert\u00e9 et de vie.<\/i><\/p>\n<p><i>Cette s\u00e9rie de clich\u00e9s est une introspection et un partage comme une ouverture pour faire face \u00e0 l\u2019adversit\u00e9. Ce n\u2019est pas une opposition d\u2019\u00e9l\u00e9ments comme les deux faces d\u2019une m\u00e9daille, ni une lutte pour prendre l\u2019ascendant sur une situation qu\u2019il est impossible de ma\u00eetriser\u00a0; mais une dualit\u00e9 constructive pour ne pas subir et r\u00e9ussir \u00e0 prendre de la hauteur, voir plus loin, ne pas rester bloqu\u00e9.<\/i><\/p>\n<p class=\"yiv4410232475MsoNormal\"><i>Rien n\u2019est impossible ni \u00e9crit d\u2019avance.<\/i><\/p>\n<p class=\"yiv4410232475MsoNormal\"><i>Nous h\u00e9ritons d\u2019un patrimoine que nous pouvons partager, perp\u00e9tuer, transformer, sublimer, renier.<\/i><\/p>\n<p><strong>Le vernissage aura lieu le samedi 11 f\u00e9vrier \u00e0 18h00<\/strong> &#8211; Galerie de l&rsquo;ancienne poste &#8211; grande rue &#8211; Besancon<\/p>\n<p><strong>L&rsquo;exposition est accessible en entr\u00e9e libre du samedi 12 f\u00e9vrier au dimanche 20 f\u00e9vrier.\u00a0<\/strong><\/p>\n<p><strong>Pour une exp\u00e9rience plus immersive, dotez vous d&rsquo;\u00e9couteurs et d&rsquo;un smarphone.<\/strong><\/p>\n","protected":false},"excerpt":{"rendered":"<p>Elsa Dupont, membre de l&rsquo;association grain d&rsquo;pixel, vous convie \u00e0 visiter son exposition\u00a0 Dans une histoire, il y a toujours plusieurs versions, m\u00eame si chaque protagoniste \u00e9tait bien pr\u00e9sent dans [&hellip;]<\/p>\n","protected":false},"author":12,"featured_media":9715,"comment_status":"open","ping_status":"closed","template":"","meta":{"_bbp_topic_count":0,"_bbp_reply_count":0,"_bbp_total_topic_count":0,"_bbp_total_reply_count":0,"_bbp_voice_count":0,"_bbp_anonymous_reply_count":0,"_bbp_topic_count_hidden":0,"_bbp_reply_count_hidden":0,"_bbp_forum_subforum_count":0,"_monsterinsights_skip_tracking":false,"_monsterinsights_sitenote_active":false,"_monsterinsights_sitenote_note":"","_monsterinsights_sitenote_category":0,"_tribe_events_status":"","_tribe_events_status_reason":"","footnotes":""},"tags":[],"tribe_events_cat":[],"class_list":["post-9949","tribe_events","type-tribe_events","status-publish","has-post-thumbnail","hentry"],"jetpack_sharing_enabled":true,"_links":{"self":[{"href":"https:\/\/grain-dpixel.fr\/info\/wp-json\/wp\/v2\/tribe_events\/9949","targetHints":{"allow":["GET"]}}],"collection":[{"href":"https:\/\/grain-dpixel.fr\/info\/wp-json\/wp\/v2\/tribe_events"}],"about":[{"href":"https:\/\/grain-dpixel.fr\/info\/wp-json\/wp\/v2\/types\/tribe_events"}],"author":[{"embeddable":true,"href":"https:\/\/grain-dpixel.fr\/info\/wp-json\/wp\/v2\/users\/12"}],"replies":[{"embeddable":true,"href":"https:\/\/grain-dpixel.fr\/info\/wp-json\/wp\/v2\/comments?post=9949"}],"version-history":[{"count":2,"href":"https:\/\/grain-dpixel.fr\/info\/wp-json\/wp\/v2\/tribe_events\/9949\/revisions"}],"predecessor-version":[{"id":9951,"href":"https:\/\/grain-dpixel.fr\/info\/wp-json\/wp\/v2\/tribe_events\/9949\/revisions\/9951"}],"wp:featuredmedia":[{"embeddable":true,"href":"https:\/\/grain-dpixel.fr\/info\/wp-json\/wp\/v2\/media\/9715"}],"wp:attachment":[{"href":"https:\/\/grain-dpixel.fr\/info\/wp-json\/wp\/v2\/media?parent=9949"}],"wp:term":[{"taxonomy":"post_tag","embeddable":true,"href":"https:\/\/grain-dpixel.fr\/info\/wp-json\/wp\/v2\/tags?post=9949"},{"taxonomy":"tribe_events_cat","embeddable":true,"href":"https:\/\/grain-dpixel.fr\/info\/wp-json\/wp\/v2\/tribe_events_cat?post=9949"}],"curies":[{"name":"wp","href":"https:\/\/api.w.org\/{rel}","templated":true}]}}