{"id":17750,"date":"2026-03-02T21:10:19","date_gmt":"2026-03-02T20:10:19","guid":{"rendered":"https:\/\/grain-dpixel.fr\/info\/?post_type=tribe_events&#038;p=17750"},"modified":"2026-04-07T08:22:34","modified_gmt":"2026-04-07T06:22:34","slug":"la-ville-de-demain-masterclass-animee-par-mathias-zwick","status":"publish","type":"tribe_events","link":"https:\/\/grain-dpixel.fr\/info\/event\/la-ville-de-demain-masterclass-animee-par-mathias-zwick\/","title":{"rendered":"La ville de demain &#8211; Masterclass anim\u00e9e par Mathias Zwick"},"content":{"rendered":"<p>Cette masterclass de 4 jours vise \u00e0 faire r\u00e9fl\u00e9chir les participants sur la ville de demain.<\/p>\n<h2><strong>Public<\/strong><\/h2>\n<p>Cette masterclass s\u2019adresse \u00e0 un public d\u2019amateurs avertis qui souhaitent \u00eatre accompagn\u00e9s dans l\u2019\u00e9laboration d\u2019un premier photoreportage ou projet documentaire. Il s\u2019adresse \u00e9galement aux semi-professionnels ou professionnels en d\u00e9but de carri\u00e8re qui souhaitent se chalenger dans le domaine du storytelling et qui d\u00e9sirent \u00eatre aid\u00e9s dans la recherche d\u2019un style photographique personnel et affirm\u00e9.<\/p>\n<h2><strong>Objectifs<\/strong><\/h2>\n<p>Travailler de mani\u00e8re compl\u00e8te le processus d\u2019\u00e9laboration d\u2019une s\u00e9rie :<\/p>\n<ul>\n<li>Recherche de l\u2019id\u00e9e, documentation, rep\u00e9rages, prises de contacts<\/li>\n<li>R\u00e9flexion pr\u00e9alable sur l\u2019ad\u00e9quation entre le fond et la forme<\/li>\n<li>Photographier sur le terrain<\/li>\n<li>G\u00e9rer les impr\u00e9vus et s\u2019adapter<\/li>\n<li>Retoucher ses images, editing<\/li>\n<li>Ecriture du texte accompagnant la s\u00e9rie<\/li>\n<\/ul>\n<h2><strong>Mathias Zwick<\/strong><\/h2>\n<p>Mathias est un photographe ind\u00e9pendant membre d\u2019Inland, une coop\u00e9rative internationale de photographes documentaires.<\/p>\n<p>Il produit des photoreportages et s\u00e9ries documentaires en France et \u00e0 l\u2019\u00e9tranger. Influenc\u00e9 par une esth\u00e9tique cin\u00e9matographique et souhaitant impr\u00e9gner ses images de po\u00e9sie, voire d\u2019humour, il explore la photographie pour tenter d\u2019offrir une contrepartie critique du monde contemporain. \u00c0 travers ses images, il d\u00e9voile des histoires humaines avec une sensibilit\u00e9 sociale, culturelle et environnementale, cherchant \u00e0 r\u00e9v\u00e9ler des perspectives souvent n\u00e9glig\u00e9es.<\/p>\n<p>Son travail a \u00e9t\u00e9 publi\u00e9 dans la presse fran\u00e7aise et \u00e9trang\u00e8re et des m\u00e9dias comme Lib\u00e9ration, Le Monde ou Le Nouvel Obs font appel \u00e0 lui pour des travaux de commande. Ses s\u00e9ries ont aussi \u00e9t\u00e9 pr\u00e9sent\u00e9es dans des festivals et expositions en France et \u00e0 l\u2019\u00e9tranger.<\/p>\n<p>Il a \u00e0 c\u0153ur de cr\u00e9er une connexion profonde tant avec les personnes qu\u2019il photographie qu\u2019avec le regardeur. R\u00e9cemment, ses projets explorent les limites du documentaire en partant de la collecte d\u2019une r\u00e9alit\u00e9 factuelle et tangible. Il aime prolonger cette exp\u00e9rience au-del\u00e0 de l\u2019image fixe, que ce soit \u00e0 travers des installations ou des livres, permettant ainsi au sujet de vivre et de r\u00e9sonner avec le spectateur de mani\u00e8re continue et \u00e9volutive.<\/p>\n<h2><strong>Dates<\/strong><\/h2>\n<p><strong>Samedi 11 et dimanche 12 avril 2026<br \/>\nSamedi 16 mai 2026<\/strong><br \/>\n<strong>Samedi 6 juin 2026<\/strong><\/p>\n<h2><strong>Tarif<\/strong><\/h2>\n<p><em><strong>Non adh\u00e9rent &#8212;&#8211; &gt; 450 \u20ac<\/strong><\/em><\/p>\n<p><em><strong>Adh\u00e9rent &#8212;&#8212;&#8212;&#8211; &gt; 400 \u20ac<\/strong><\/em><\/p>\n<p>Avec une possibilit\u00e9 de paiement en 3 fois<\/p>\n<p>Si vous souhaitez b\u00e9n\u00e9ficier de la r\u00e9duction adh\u00e9rent et que vous n&rsquo;\u00eates pas adh\u00e9rent, il faut adh\u00e9rer au pr\u00e9alable <a href=\"https:\/\/grain-d-pixel-association-pour-la-photographie.assoconnect.com\/collect\/description\/650352-y-adhesion-2026\" target=\"_blank\" rel=\"noopener\">ICI<\/a><\/p>\n<h2><strong>Informations compl\u00e9mentaires et inscription<\/strong><\/h2>\n<h3><span style=\"color: #0000ff;\"><a style=\"color: #0000ff;\" href=\"https:\/\/grain-d-pixel-association-pour-la-photographie.assoconnect.com\/collect\/description\/682783-m-la-ville-de-demain-masterclass-animee-par-mathias-zwick\" target=\"_blank\" rel=\"noopener\">Plus d\u2019informations et inscription en cliquant ICI<\/a><\/span><\/h3>\n","protected":false},"excerpt":{"rendered":"<p>Cette masterclass de 4 jours vise \u00e0 faire r\u00e9fl\u00e9chir les participants sur la ville de demain. Public Cette masterclass s\u2019adresse \u00e0 un public d\u2019amateurs avertis qui souhaitent \u00eatre accompagn\u00e9s dans [&hellip;]<\/p>\n","protected":false},"author":4,"featured_media":16743,"comment_status":"open","ping_status":"closed","template":"","meta":{"_bbp_topic_count":0,"_bbp_reply_count":0,"_bbp_total_topic_count":0,"_bbp_total_reply_count":0,"_bbp_voice_count":0,"_bbp_anonymous_reply_count":0,"_bbp_topic_count_hidden":0,"_bbp_reply_count_hidden":0,"_bbp_forum_subforum_count":0,"_monsterinsights_skip_tracking":false,"_monsterinsights_sitenote_active":false,"_monsterinsights_sitenote_note":"","_monsterinsights_sitenote_category":0,"_tribe_events_status":"canceled","_tribe_events_status_reason":"Nb participants insuffisant","footnotes":""},"tags":[244,145,203,243],"tribe_events_cat":[172,214],"class_list":["post-17750","tribe_events","type-tribe_events","status-publish","has-post-thumbnail","hentry","tag-catalogue-des-stages","tag-masterclass","tag-stage-photo","tag-stages","tribe_events_cat-catalogue","tribe_events_cat-masterclass-catalogue","cat_catalogue","cat_masterclass-catalogue","tribe-events-status__list-event-canceled"],"jetpack_sharing_enabled":true,"_links":{"self":[{"href":"https:\/\/grain-dpixel.fr\/info\/wp-json\/wp\/v2\/tribe_events\/17750","targetHints":{"allow":["GET"]}}],"collection":[{"href":"https:\/\/grain-dpixel.fr\/info\/wp-json\/wp\/v2\/tribe_events"}],"about":[{"href":"https:\/\/grain-dpixel.fr\/info\/wp-json\/wp\/v2\/types\/tribe_events"}],"author":[{"embeddable":true,"href":"https:\/\/grain-dpixel.fr\/info\/wp-json\/wp\/v2\/users\/4"}],"replies":[{"embeddable":true,"href":"https:\/\/grain-dpixel.fr\/info\/wp-json\/wp\/v2\/comments?post=17750"}],"version-history":[{"count":1,"href":"https:\/\/grain-dpixel.fr\/info\/wp-json\/wp\/v2\/tribe_events\/17750\/revisions"}],"predecessor-version":[{"id":17751,"href":"https:\/\/grain-dpixel.fr\/info\/wp-json\/wp\/v2\/tribe_events\/17750\/revisions\/17751"}],"wp:featuredmedia":[{"embeddable":true,"href":"https:\/\/grain-dpixel.fr\/info\/wp-json\/wp\/v2\/media\/16743"}],"wp:attachment":[{"href":"https:\/\/grain-dpixel.fr\/info\/wp-json\/wp\/v2\/media?parent=17750"}],"wp:term":[{"taxonomy":"post_tag","embeddable":true,"href":"https:\/\/grain-dpixel.fr\/info\/wp-json\/wp\/v2\/tags?post=17750"},{"taxonomy":"tribe_events_cat","embeddable":true,"href":"https:\/\/grain-dpixel.fr\/info\/wp-json\/wp\/v2\/tribe_events_cat?post=17750"}],"curies":[{"name":"wp","href":"https:\/\/api.w.org\/{rel}","templated":true}]}}