{"id":17727,"date":"2026-02-09T12:33:23","date_gmt":"2026-02-09T11:33:23","guid":{"rendered":"https:\/\/grain-dpixel.fr\/info\/?post_type=tribe_events&#038;p=17727"},"modified":"2026-02-09T12:33:23","modified_gmt":"2026-02-09T11:33:23","slug":"vernissage-heureux-comme-on-est-esther-raguenet","status":"publish","type":"tribe_events","link":"https:\/\/grain-dpixel.fr\/info\/event\/vernissage-heureux-comme-on-est-esther-raguenet\/","title":{"rendered":"VERNISSAGE  &#8211; \u00ab\u00a0Heureux comme on est \u00a0\u00bb &#8211; Esther Raguenet"},"content":{"rendered":"<div class=\"xdj266r x14z9mp xat24cr x1lziwak x1vvkbs x126k92a\">\n<h2 dir=\"auto\"><span class=\"html-span xexx8yu xyri2b x18d9i69 x1c1uobl x1hl2dhg x16tdsg8 x1vvkbs x3nfvp2 x1j61x8r x1fcty0u xdj266r xat24cr xm2jcoa x1mpyi22 xxymvpz xlup9mm x1kky2od\"><img decoding=\"async\" class=\"xz74otr x15mokao x1ga7v0g x16uus16 xbiv7yw\" src=\"https:\/\/static.xx.fbcdn.net\/images\/emoji.php\/v9\/tf4\/1\/16\/2728.png\" alt=\"\u2728\" width=\"16\" height=\"16\" \/><\/span> Exposition \u2013 Heureux comme on est <span class=\"html-span xexx8yu xyri2b x18d9i69 x1c1uobl x1hl2dhg x16tdsg8 x1vvkbs x3nfvp2 x1j61x8r x1fcty0u xdj266r xat24cr xm2jcoa x1mpyi22 xxymvpz xlup9mm x1kky2od\"><img decoding=\"async\" class=\"xz74otr x15mokao x1ga7v0g x16uus16 xbiv7yw\" src=\"https:\/\/static.xx.fbcdn.net\/images\/emoji.php\/v9\/tf4\/1\/16\/2728.png\" alt=\"\u2728\" width=\"16\" height=\"16\" \/><\/span><\/h2>\n<h2 dir=\"auto\">L\u2019association Grain d\u2019Pixel en partenariat avec le Centre Hospitalier de Novillars, pr\u00e9sente le travail d\u2019Esther Raguenet, r\u00e9alis\u00e9 au c\u0153ur de la Maison d\u2019Accueil Sp\u00e9cialis\u00e9e La Chaigneraie de Novillars, <span class=\"html-span xexx8yu xyri2b x18d9i69 x1c1uobl x1hl2dhg x16tdsg8 x1vvkbs x3nfvp2 x1j61x8r x1fcty0u xdj266r xat24cr xm2jcoa x1mpyi22 xxymvpz xlup9mm x1kky2od\"><img decoding=\"async\" class=\"xz74otr x15mokao x1ga7v0g x16uus16 xbiv7yw\" src=\"https:\/\/static.xx.fbcdn.net\/images\/emoji.php\/v9\/tc5\/1\/16\/1f90d.png\" alt=\"\" width=\"16\" height=\"16\" \/><\/span><\/h2>\n<\/div>\n<div dir=\"auto\">Des images sinc\u00e8res et pleines d\u2019humanit\u00e9, qui c\u00e9l\u00e8brent la vie, les liens et les instants de bonheur partag\u00e9s <span class=\"html-span xexx8yu xyri2b x18d9i69 x1c1uobl x1hl2dhg x16tdsg8 x1vvkbs x3nfvp2 x1j61x8r x1fcty0u xdj266r xat24cr xm2jcoa x1mpyi22 xxymvpz xlup9mm x1kky2od\"><img decoding=\"async\" class=\"xz74otr x15mokao x1ga7v0g x16uus16 xbiv7yw\" src=\"https:\/\/static.xx.fbcdn.net\/images\/emoji.php\/v9\/tde\/1\/16\/1f4f8.png\" alt=\"\" width=\"16\" height=\"16\" \/><\/span><span class=\"html-span xexx8yu xyri2b x18d9i69 x1c1uobl x1hl2dhg x16tdsg8 x1vvkbs x3nfvp2 x1j61x8r x1fcty0u xdj266r xat24cr xm2jcoa x1mpyi22 xxymvpz xlup9mm x1kky2od\"><img decoding=\"async\" class=\"xz74otr x15mokao x1ga7v0g x16uus16 xbiv7yw\" src=\"https:\/\/static.xx.fbcdn.net\/images\/emoji.php\/v9\/tf4\/1\/16\/2728.png\" alt=\"\u2728\" width=\"16\" height=\"16\" \/><\/span><\/div>\n<div dir=\"auto\"><span class=\"html-span xexx8yu xyri2b x18d9i69 x1c1uobl x1hl2dhg x16tdsg8 x1vvkbs x3nfvp2 x1j61x8r x1fcty0u xdj266r xat24cr xm2jcoa x1mpyi22 xxymvpz xlup9mm x1kky2od\"><img loading=\"lazy\" decoding=\"async\" class=\"xz74otr x15mokao x1ga7v0g x16uus16 xbiv7yw\" src=\"https:\/\/static.xx.fbcdn.net\/images\/emoji.php\/v9\/tf\/1\/16\/1f942.png\" alt=\"\" width=\"16\" height=\"16\" \/><\/span> Vernissage : vendredi 20 f\u00e9vrier \u00e0 18h<\/div>\n<div dir=\"auto\"><span class=\"html-span xexx8yu xyri2b x18d9i69 x1c1uobl x1hl2dhg x16tdsg8 x1vvkbs x3nfvp2 x1j61x8r x1fcty0u xdj266r xat24cr xm2jcoa x1mpyi22 xxymvpz xlup9mm x1kky2od\"><img loading=\"lazy\" decoding=\"async\" class=\"xz74otr x15mokao x1ga7v0g x16uus16 xbiv7yw\" src=\"https:\/\/static.xx.fbcdn.net\/images\/emoji.php\/v9\/t2d\/1\/16\/1f4cd.png\" alt=\"\" width=\"16\" height=\"16\" \/><\/span> Galerie de l\u2019Ancienne Poste \u2013 98 Grande Rue, Besan\u00e7on<\/div>\n<div class=\"x14z9mp xat24cr x1lziwak x1vvkbs xtlvy1s x126k92a\">\n<h2 dir=\"auto\"><span class=\"html-span xexx8yu xyri2b x18d9i69 x1c1uobl x1hl2dhg x16tdsg8 x1vvkbs x3nfvp2 x1j61x8r x1fcty0u xdj266r xat24cr xm2jcoa x1mpyi22 xxymvpz xlup9mm x1kky2od\"><img loading=\"lazy\" decoding=\"async\" class=\"xz74otr x15mokao x1ga7v0g x16uus16 xbiv7yw\" src=\"https:\/\/static.xx.fbcdn.net\/images\/emoji.php\/v9\/te6\/1\/16\/1f570.png\" alt=\"\" width=\"16\" height=\"16\" \/><\/span> Horaires d\u2019ouverture :<\/h2>\n<h2 dir=\"auto\">Du mardi au dimanche, de 14h \u00e0 18h<\/h2>\n<h2 dir=\"auto\"><span class=\"html-span xexx8yu xyri2b x18d9i69 x1c1uobl x1hl2dhg x16tdsg8 x1vvkbs x3nfvp2 x1j61x8r x1fcty0u xdj266r xat24cr xm2jcoa x1mpyi22 xxymvpz xlup9mm x1kky2od\"><img loading=\"lazy\" decoding=\"async\" class=\"xz74otr x15mokao x1ga7v0g x16uus16 xbiv7yw\" src=\"https:\/\/static.xx.fbcdn.net\/images\/emoji.php\/v9\/tdd\/1\/16\/274c.png\" alt=\"\u274c\" width=\"16\" height=\"16\" \/><\/span> Ferm\u00e9e le lundi<\/h2>\n<\/div>\n","protected":false},"excerpt":{"rendered":"<p>Exposition \u2013 Heureux comme on est L\u2019association Grain d\u2019Pixel en partenariat avec le Centre Hospitalier de Novillars, pr\u00e9sente le travail d\u2019Esther Raguenet, r\u00e9alis\u00e9 au c\u0153ur de la Maison d\u2019Accueil Sp\u00e9cialis\u00e9e [&hellip;]<\/p>\n","protected":false},"author":12,"featured_media":17728,"comment_status":"open","ping_status":"closed","template":"","meta":{"_bbp_topic_count":0,"_bbp_reply_count":0,"_bbp_total_topic_count":0,"_bbp_total_reply_count":0,"_bbp_voice_count":0,"_bbp_anonymous_reply_count":0,"_bbp_topic_count_hidden":0,"_bbp_reply_count_hidden":0,"_bbp_forum_subforum_count":0,"_monsterinsights_skip_tracking":false,"_monsterinsights_sitenote_active":false,"_monsterinsights_sitenote_note":"","_monsterinsights_sitenote_category":0,"_tribe_events_status":"","_tribe_events_status_reason":"","footnotes":""},"tags":[],"tribe_events_cat":[36],"class_list":["post-17727","tribe_events","type-tribe_events","status-publish","has-post-thumbnail","hentry","tribe_events_cat-exposition-gdp","cat_exposition-gdp"],"jetpack_sharing_enabled":true,"_links":{"self":[{"href":"https:\/\/grain-dpixel.fr\/info\/wp-json\/wp\/v2\/tribe_events\/17727","targetHints":{"allow":["GET"]}}],"collection":[{"href":"https:\/\/grain-dpixel.fr\/info\/wp-json\/wp\/v2\/tribe_events"}],"about":[{"href":"https:\/\/grain-dpixel.fr\/info\/wp-json\/wp\/v2\/types\/tribe_events"}],"author":[{"embeddable":true,"href":"https:\/\/grain-dpixel.fr\/info\/wp-json\/wp\/v2\/users\/12"}],"replies":[{"embeddable":true,"href":"https:\/\/grain-dpixel.fr\/info\/wp-json\/wp\/v2\/comments?post=17727"}],"version-history":[{"count":1,"href":"https:\/\/grain-dpixel.fr\/info\/wp-json\/wp\/v2\/tribe_events\/17727\/revisions"}],"predecessor-version":[{"id":17729,"href":"https:\/\/grain-dpixel.fr\/info\/wp-json\/wp\/v2\/tribe_events\/17727\/revisions\/17729"}],"wp:featuredmedia":[{"embeddable":true,"href":"https:\/\/grain-dpixel.fr\/info\/wp-json\/wp\/v2\/media\/17728"}],"wp:attachment":[{"href":"https:\/\/grain-dpixel.fr\/info\/wp-json\/wp\/v2\/media?parent=17727"}],"wp:term":[{"taxonomy":"post_tag","embeddable":true,"href":"https:\/\/grain-dpixel.fr\/info\/wp-json\/wp\/v2\/tags?post=17727"},{"taxonomy":"tribe_events_cat","embeddable":true,"href":"https:\/\/grain-dpixel.fr\/info\/wp-json\/wp\/v2\/tribe_events_cat?post=17727"}],"curies":[{"name":"wp","href":"https:\/\/api.w.org\/{rel}","templated":true}]}}