{"id":16898,"date":"2025-02-27T16:26:33","date_gmt":"2025-02-27T15:26:33","guid":{"rendered":"https:\/\/grain-dpixel.fr\/info\/?post_type=tribe_events&#038;p=16898"},"modified":"2025-02-27T16:34:44","modified_gmt":"2025-02-27T15:34:44","slug":"exposition-yves-petit-un-non-monde","status":"publish","type":"tribe_events","link":"https:\/\/grain-dpixel.fr\/info\/event\/exposition-yves-petit-un-non-monde\/","title":{"rendered":"Exposition Yves Petit : Un non monde"},"content":{"rendered":"<p>Galerie de l&rsquo;ancienne poste<br \/>\n98, Grande Rue<br \/>\n25000 Besan\u00e7on<\/p>\n<p>Horaires :<\/p>\n<ul>\n<li>Samedi 12 et Dimanche 13 de 10h00 \u00e0 18h00<\/li>\n<li>du mardi 15 au dimanche 20 de 14h00 \u00e0 18h00<\/li>\n<\/ul>\n<p>Un Non-Monde<\/p>\n<p>La relation que j&rsquo;\u00e9tablis avec les publics en situation de vuln\u00e9rabilit\u00e9, qu&rsquo;il s&rsquo;agisse de patients \u00e0 l&rsquo;h\u00f4pital, de r\u00e9sidents en Ehpad ou de d\u00e9tenus, partage un d\u00e9nominateur commun : ces participants abandonnent leurs r\u00e9serves, laissant de c\u00f4t\u00e9 la fa\u00e7ade qu&rsquo;ils arborent habituellement en soci\u00e9t\u00e9. Les \u00e9changes deviennent alors authentiques, se tissant d&rsquo;humain \u00e0 humain, de c\u0153ur \u00e0 c\u0153ur.<\/p>\n<p>Ces photographies ont \u00e9t\u00e9 r\u00e9alis\u00e9es dans les maisons d&rsquo;arr\u00eat de Besan\u00e7on et de Vesoul, des \u00e9tablissements accueillant des personnes en d\u00e9tention provisoire, celles dont la peine ou le reliquat de peine ne d\u00e9passe pas deux ans, ainsi que des condamn\u00e9s en attente d&rsquo;affectation dans un autre lieu. Les portraits captur\u00e9s ici sont anonymes, pr\u00e9servant l&rsquo;identit\u00e9 de chacun. \u00c0 travers ces images, on peut ressentir la solitude, l&rsquo;angoisse du temps qui s&rsquo;\u00e9tire, et la peur omnipr\u00e9sente.<\/p>\n<p>Bertrand Kaczmarek (Professeur agr\u00e9g\u00e9 de philosophie <strong>Ancien directeur adjoint de prison<\/strong><strong>)<\/strong> souligne : \u00ab\u00a0Ce que racontent les condamn\u00e9s, notamment les anciens d\u00e9tenus, c&rsquo;est que la source principale de souffrance en prison est avant tout la peur des cod\u00e9tenus. [&#8230;] C\u2019est un milieu o\u00f9 l&rsquo;inqui\u00e9tude et la peur sont permanentes. Et lorsque l\u2019on affirme que la prison est inhumaine, il faut plut\u00f4t orienter notre r\u00e9flexion vers ce point plut\u00f4t que de se concentrer uniquement sur la privation de libert\u00e9.\u00a0\u00bb<\/p>\n<p>Malheureusement, les initiatives pour les d\u00e9tenus restent trop rares, touchant un nombre tr\u00e8s limit\u00e9 de personnes. Lors de mes ateliers, j&rsquo;ai compos\u00e9 avec des groupes de neuf participants maximum, se r\u00e9unissant une fois par semaine, mais il manquait r\u00e9guli\u00e8rement un ou plusieurs membres. Dans un \u00e9tablissement comme celui de Besan\u00e7on, qui accueillait 425 personnes au 1er janvier 2025 alors que sa capacit\u00e9 op\u00e9rationnelle est de 256, ce nombre reste d\u00e9risoire. Il est ind\u00e9niable que ceux ayant commis des d\u00e9lits ou des crimes doivent \u00eatre \u00e9cart\u00e9s de la soci\u00e9t\u00e9, mais il est absurde de penser qu&rsquo;en les maltraitant, nous parviendrons \u00e0 les r\u00e9habiliter. Au contraire, cela ne fait qu&rsquo;aggraver les probl\u00e8mes.<\/p>\n<p>Il est imp\u00e9ratif de donner un sens \u00e0 la d\u00e9tention, tant pour le bien-\u00eatre des prisonniers que pour celui de la soci\u00e9t\u00e9. Tout ce temps pass\u00e9 en isolement pourrait \u00eatre valoris\u00e9 par des formations et des actions culturelles, facilitant ainsi la r\u00e9insertion des d\u00e9tenus. Comme le souligne Bertrand Kaczmarek, \u00ab\u00a0Aujourd&rsquo;hui, plus de la moiti\u00e9 des condamn\u00e9s ont moins de 30 ans. Ces jeunes, s&rsquo;ils n&rsquo;\u00e9taient pas condamn\u00e9s, devraient \u00eatre \u00e0 l&rsquo;universit\u00e9, en \u00e9cole, en formation, etc. Au lieu de cela, ils sont maintenus dans l&rsquo;oisivet\u00e9.\u00a0\u00bb<\/p>\n<p>Le philosophe Michel Foucault, quant \u00e0 lui, rappelle que \u00ab\u00a0des rebelles entrent en prison et ce sont des d\u00e9linquants qui en sortent.\u00a0\u00bb<\/p>\n<p>Yves Petit<\/p>\n","protected":false},"excerpt":{"rendered":"<p>Galerie de l&rsquo;ancienne poste 98, Grande Rue 25000 Besan\u00e7on Horaires : Samedi 12 et Dimanche 13 de 10h00 \u00e0 18h00 du mardi 15 au dimanche 20 de 14h00 \u00e0 18h00 [&hellip;]<\/p>\n","protected":false},"author":1,"featured_media":16903,"comment_status":"open","ping_status":"closed","template":"","meta":{"_bbp_topic_count":0,"_bbp_reply_count":0,"_bbp_total_topic_count":0,"_bbp_total_reply_count":0,"_bbp_voice_count":0,"_bbp_anonymous_reply_count":0,"_bbp_topic_count_hidden":0,"_bbp_reply_count_hidden":0,"_bbp_forum_subforum_count":0,"_monsterinsights_skip_tracking":false,"_monsterinsights_sitenote_active":false,"_monsterinsights_sitenote_note":"","_monsterinsights_sitenote_category":0,"_tribe_events_status":"","_tribe_events_status_reason":"","footnotes":""},"tags":[],"tribe_events_cat":[36],"class_list":["post-16898","tribe_events","type-tribe_events","status-publish","has-post-thumbnail","hentry","tribe_events_cat-exposition-gdp","cat_exposition-gdp"],"jetpack_sharing_enabled":true,"_links":{"self":[{"href":"https:\/\/grain-dpixel.fr\/info\/wp-json\/wp\/v2\/tribe_events\/16898","targetHints":{"allow":["GET"]}}],"collection":[{"href":"https:\/\/grain-dpixel.fr\/info\/wp-json\/wp\/v2\/tribe_events"}],"about":[{"href":"https:\/\/grain-dpixel.fr\/info\/wp-json\/wp\/v2\/types\/tribe_events"}],"author":[{"embeddable":true,"href":"https:\/\/grain-dpixel.fr\/info\/wp-json\/wp\/v2\/users\/1"}],"replies":[{"embeddable":true,"href":"https:\/\/grain-dpixel.fr\/info\/wp-json\/wp\/v2\/comments?post=16898"}],"version-history":[{"count":1,"href":"https:\/\/grain-dpixel.fr\/info\/wp-json\/wp\/v2\/tribe_events\/16898\/revisions"}],"predecessor-version":[{"id":16901,"href":"https:\/\/grain-dpixel.fr\/info\/wp-json\/wp\/v2\/tribe_events\/16898\/revisions\/16901"}],"wp:featuredmedia":[{"embeddable":true,"href":"https:\/\/grain-dpixel.fr\/info\/wp-json\/wp\/v2\/media\/16903"}],"wp:attachment":[{"href":"https:\/\/grain-dpixel.fr\/info\/wp-json\/wp\/v2\/media?parent=16898"}],"wp:term":[{"taxonomy":"post_tag","embeddable":true,"href":"https:\/\/grain-dpixel.fr\/info\/wp-json\/wp\/v2\/tags?post=16898"},{"taxonomy":"tribe_events_cat","embeddable":true,"href":"https:\/\/grain-dpixel.fr\/info\/wp-json\/wp\/v2\/tribe_events_cat?post=16898"}],"curies":[{"name":"wp","href":"https:\/\/api.w.org\/{rel}","templated":true}]}}