{"id":15730,"date":"2024-06-11T11:56:53","date_gmt":"2024-06-11T09:56:53","guid":{"rendered":"https:\/\/grain-dpixel.fr\/info\/?post_type=tribe_events&#038;p=15730"},"modified":"2024-06-11T12:01:54","modified_gmt":"2024-06-11T10:01:54","slug":"le-portrait-en-toutes-circonstances-reussir-un-portrait-quelle-que-soit-la-lumiere-disponible","status":"publish","type":"tribe_events","link":"https:\/\/grain-dpixel.fr\/info\/event\/le-portrait-en-toutes-circonstances-reussir-un-portrait-quelle-que-soit-la-lumiere-disponible\/","title":{"rendered":"Le portrait en toutes circonstances : r\u00e9ussir un portrait quelle que soit la lumi\u00e8re disponible"},"content":{"rendered":"<h1><span style=\"color: #0000ff;\"><strong>Animateur<\/strong><\/span><\/h1>\n<h2><strong>Thibaut Froehly.\u00a0<\/strong><\/h2>\n<p>Thibaut, n\u00e9 en 1987, est devenu photographe professionnel par passion. Sp\u00e9cialiste de la photo de paysage, il partage sa vision et son exp\u00e9rience lors de stages et de s\u00e9jours d\u00e9di\u00e9s. Il est \u00e9galement formateur en photographie.<\/p>\n<h1><span style=\"color: #0000ff;\"><strong>Objectifs du stage<\/strong><\/span><\/h1>\n<ul>\n<li>Savoir comment r\u00e9ussir un portrait quelle que soit la lumi\u00e8re disponible, \u00e0 midi ou \u00e0 minuit<\/li>\n<li>Sans avoir besoin de mat\u00e9riel suppl\u00e9mentaire ou d\u2019un assistant et sans casser la spontan\u00e9it\u00e9 des prises de vue<\/li>\n<li>Comprendre l\u2019influence de la lumi\u00e8re sur un portrait<\/li>\n<li>Apprendre \u00e0 s\u2019adapter \u00e0 chaque environnement lumineux (int\u00e9rieur, ext\u00e9rieur, au soleil, \u00e0 l\u2019ombre, \u2026)<\/li>\n<li>Savoir r\u00e9gler son appareil photo suivant le type de lumi\u00e8re<\/li>\n<\/ul>\n<h1><span style=\"color: #0000ff;\"><strong>D\u00e9roulement<\/strong><\/span><\/h1>\n<h2><strong>1) Grands principes du portrait et la lumi\u00e8re<\/strong><\/h2>\n<p>&#8211; Accueil et pr\u00e9sentation des participants<\/p>\n<p>&#8211; Etude de la lumi\u00e8re et du portrait avec exemples<\/p>\n<p>&#8211; Premi\u00e8res strat\u00e9gies pour r\u00e9ussir ses portraits<\/p>\n<h2><strong>2) Mat\u00e9riel, techniques et r\u00e9glages<\/strong><\/h2>\n<p>&#8211; r\u00e9glages de l\u2019appareil photo<\/p>\n<p>&#8211; gestion de l\u2019exposition<\/p>\n<p>&#8211; exemple de traitement photo<\/p>\n<p>&#8211; utilisation d\u2019un flash<\/p>\n<p>Pause (10 mn maxi)<\/p>\n<h2><strong>3) Atelier portrait en int\u00e9rieur<\/strong><\/h2>\n<p>&#8211; Recherche de la lumi\u00e8re<\/p>\n<p>&#8211; Communication avec le mod\u00e8le<\/p>\n<p>&#8211; Utilisation du flash<\/p>\n<p>Pause(10 mn maxi)<\/p>\n<h2><strong>4) Atelier en ext\u00e9rieur<\/strong><\/h2>\n<p>&#8211; Balade en ext\u00e9rieur \u00e0 la recherche de la lumi\u00e8re<\/p>\n<p>&#8211; Comment s\u2019adapter \u00e0 chaque situation\u00a0: en plein soleil, \u00e0 l\u2019ombre, en contre-jour, \u2026<\/p>\n<p>&#8211; Travail du cadrage et placement du mod\u00e8le<\/p>\n<p>&#8211; Analyse des photos des participants<\/p>\n<h1><strong><span style=\"color: #0000ff;\">Mat\u00e9riel n\u00e9cessaire<\/span><\/strong><\/h1>\n<ul>\n<li>Appareil photo avec mode priorit\u00e9 ouverture ou manuel (compact, bridge, hybride, reflex ou t\u00e9l\u00e9phone portable avanc\u00e9)<\/li>\n<li>Un objectif pour le portrait (focale entre 35 et 135mm)<\/li>\n<li>Batterie(s) pleine(s), carte m\u00e9moire vide.<\/li>\n<li>Un carnet de notes avec un stylo<\/li>\n<li>Un flash si possible<\/li>\n<li>A boire (avec mod\u00e9ration)\/\u00e0 grignoter<\/li>\n<\/ul>\n<h1><span style=\"color: #0000ff;\"><strong>Dur\u00e9e<\/strong><\/span><\/h1>\n<p>4 heures<\/p>\n<h1><span style=\"color: #0000ff;\"><strong>Niveau<\/strong><\/span><\/h1>\n<p>Tous niveaux, de d\u00e9butant \u00e0 confirm\u00e9<\/p>\n<h1><span style=\"color: #ff0000;\"><strong>Remarque<\/strong><\/span><\/h1>\n<p><strong>Nous organisons le m\u00eame jour un autre stage dans l\u2019apr\u00e8s-midi. Si vous vous inscrivez aux 2 stages, vous obtiendrez une r\u00e9duction globale.<\/strong><\/p>\n<p><strong>Prix normal des 2 stages\u00a0 \u00a0 \u00a0 \u00a0 \u00a0 \u00a0 \u00a0 \u00a0 \u00a0 \u00a0 \u00a0 \u00a0 \u00a0 \u00a0 \u00a0 \u00a0 \u00a0 \u00a0 \u00a0 \u00a0 \u00a0 \u00a0 Prix sp\u00e9cial pack journ\u00e9e<\/strong><\/p>\n<p>Non-adh\u00e9rent =\u00a0 180 \u20ac\u00a0 \u00a0 \u00a0 \u00a0 \u00a0 \u00a0 \u00a0 \u00a0 \u00a0 \u00a0 \u00a0 \u00a0 \u00a0 \u00a0 \u00a0 \u00a0 \u00a0 \u00a0 \u00a0 \u00a0 \u00a0 \u00a0 \u00a0 \u00a0 \u00a0 \u00a0 \u00a0 \u00a0 Non-adh\u00e9rent = 150 \u20ac<\/p>\n<p>Adh\u00e9rent =\u00a0 150 \u20ac\u00a0 \u00a0 \u00a0 \u00a0 \u00a0 \u00a0 \u00a0 \u00a0 \u00a0 \u00a0 \u00a0 \u00a0 \u00a0 \u00a0 \u00a0 \u00a0 \u00a0 \u00a0 \u00a0 \u00a0 \u00a0 \u00a0 \u00a0 \u00a0 \u00a0 \u00a0 \u00a0 \u00a0 \u00a0 \u00a0 \u00a0 \u00a0 \u00a0Adh\u00e9rent = 120 \u20ac<\/p>\n<p>&nbsp;<\/p>\n<h3>Le remboursement de la diff\u00e9rence, suite \u00e0 l\u2019inscription aux 2 stages, se fera par virement apr\u00e8s\u00a0 le r\u00e8glement re\u00e7u pour les 2 stages.<\/h3>\n<p>&nbsp;<\/p>\n<h3><strong>\u00a0<a href=\"https:\/\/grain-d-pixel-association-pour-la-photographie.assoconnect.com\/collect\/description\/435817-m-le-portrait-en-toutes-circonstances-reussir-un-portrait-quelle-que-soit-la-lumiere-disponible\" target=\"_blank\" rel=\"noopener\">Je m\u2019inscris en cliquant ici<\/a><\/strong><\/h3>\n","protected":false},"excerpt":{"rendered":"<p>Animateur Thibaut Froehly.\u00a0 Thibaut, n\u00e9 en 1987, est devenu photographe professionnel par passion. Sp\u00e9cialiste de la photo de paysage, il partage sa vision et son exp\u00e9rience lors de stages et [&hellip;]<\/p>\n","protected":false},"author":4,"featured_media":15732,"comment_status":"open","ping_status":"closed","template":"","meta":{"_bbp_topic_count":0,"_bbp_reply_count":0,"_bbp_total_topic_count":0,"_bbp_total_reply_count":0,"_bbp_voice_count":0,"_bbp_anonymous_reply_count":0,"_bbp_topic_count_hidden":0,"_bbp_reply_count_hidden":0,"_bbp_forum_subforum_count":0,"_monsterinsights_skip_tracking":false,"_monsterinsights_sitenote_active":false,"_monsterinsights_sitenote_note":"","_monsterinsights_sitenote_category":0,"_tribe_events_status":"","_tribe_events_status_reason":"","footnotes":""},"tags":[],"tribe_events_cat":[172,32,171],"class_list":["post-15730","tribe_events","type-tribe_events","status-publish","has-post-thumbnail","hentry","tribe_events_cat-catalogue","tribe_events_cat-evenement-grain-dpixel","tribe_events_cat-stage","cat_catalogue","cat_evenement-grain-dpixel","cat_stage"],"jetpack_sharing_enabled":true,"_links":{"self":[{"href":"https:\/\/grain-dpixel.fr\/info\/wp-json\/wp\/v2\/tribe_events\/15730","targetHints":{"allow":["GET"]}}],"collection":[{"href":"https:\/\/grain-dpixel.fr\/info\/wp-json\/wp\/v2\/tribe_events"}],"about":[{"href":"https:\/\/grain-dpixel.fr\/info\/wp-json\/wp\/v2\/types\/tribe_events"}],"author":[{"embeddable":true,"href":"https:\/\/grain-dpixel.fr\/info\/wp-json\/wp\/v2\/users\/4"}],"replies":[{"embeddable":true,"href":"https:\/\/grain-dpixel.fr\/info\/wp-json\/wp\/v2\/comments?post=15730"}],"version-history":[{"count":1,"href":"https:\/\/grain-dpixel.fr\/info\/wp-json\/wp\/v2\/tribe_events\/15730\/revisions"}],"predecessor-version":[{"id":15731,"href":"https:\/\/grain-dpixel.fr\/info\/wp-json\/wp\/v2\/tribe_events\/15730\/revisions\/15731"}],"wp:featuredmedia":[{"embeddable":true,"href":"https:\/\/grain-dpixel.fr\/info\/wp-json\/wp\/v2\/media\/15732"}],"wp:attachment":[{"href":"https:\/\/grain-dpixel.fr\/info\/wp-json\/wp\/v2\/media?parent=15730"}],"wp:term":[{"taxonomy":"post_tag","embeddable":true,"href":"https:\/\/grain-dpixel.fr\/info\/wp-json\/wp\/v2\/tags?post=15730"},{"taxonomy":"tribe_events_cat","embeddable":true,"href":"https:\/\/grain-dpixel.fr\/info\/wp-json\/wp\/v2\/tribe_events_cat?post=15730"}],"curies":[{"name":"wp","href":"https:\/\/api.w.org\/{rel}","templated":true}]}}