{"id":15725,"date":"2024-06-11T11:40:45","date_gmt":"2024-06-11T09:40:45","guid":{"rendered":"https:\/\/grain-dpixel.fr\/info\/?post_type=tribe_events&#038;p=15725"},"modified":"2024-07-02T11:02:29","modified_gmt":"2024-07-02T09:02:29","slug":"portrait-3-methodes-infaillibles-pour-reussir-ses-portraits","status":"publish","type":"tribe_events","link":"https:\/\/grain-dpixel.fr\/info\/event\/portrait-3-methodes-infaillibles-pour-reussir-ses-portraits\/","title":{"rendered":"Portrait : 3 m\u00e9thodes infaillibles pour r\u00e9ussir ses portraits"},"content":{"rendered":"<h1><strong>Animateur<\/strong><\/h1>\n<h2><strong>Thibaut Froehly.\u00a0<\/strong><\/h2>\n<p>Thibaut, n\u00e9 en 1987, est devenu photographe professionnel par passion. Sp\u00e9cialiste de la photo de paysage, il partage sa vision et son exp\u00e9rience lors de stages et de s\u00e9jours d\u00e9di\u00e9s. Il est \u00e9galement formateur en photographie.<\/p>\n<h1><strong>Objectifs du stage<\/strong><\/h1>\n<ul>\n<li>Savoir r\u00e9ussir un portrait, m\u00eame si la personne photographi\u00e9e \u00ab\u00a0n\u2019aime pas les photos\u00a0\u00bb<\/li>\n<li>D\u00e9couvrir et exp\u00e9rimenter 3 grandes m\u00e9thodes pour obtenir ce r\u00e9sultat<\/li>\n<li>Savoir comment bien se pr\u00e9parer pour \u00eatre en confiance<\/li>\n<li>Savoir mettre en confiance la personne photographi\u00e9e<\/li>\n<\/ul>\n<h1><strong>D\u00e9roulement<\/strong><\/h1>\n<h2><strong>1) Pr\u00e9ambule<\/strong><\/h2>\n<p>&#8211; Accueil et pr\u00e9sentation des participants<\/p>\n<p>&#8211; Pourquoi les gens n\u2019aiment pas \u00eatre pris en photo\u00a0?<\/p>\n<p>&#8211; Y a-t-il des personnes pas \u00ab\u00a0photog\u00e9niques\u00a0\u00bb\u00a0?<\/p>\n<h2><strong>2) Grands principes du portrait<\/strong><\/h2>\n<p>&#8211; Les 4 points pour bien pr\u00e9parer ses prises de vue<\/p>\n<p>&#8211; Les types de cadrage<\/p>\n<p>&#8211; La communication et la mise en confiance du mod\u00e8le<\/p>\n<p>Pause<\/p>\n<h2><strong>3) La m\u00e9thode \u00e9clair<\/strong><\/h2>\n<p>&#8211; Pr\u00e9sentation de la m\u00e9thode<\/p>\n<p>&#8211; Pr\u00e9paration des prises de vue<\/p>\n<p>&#8211; Atelier de mis en pratique<\/p>\n<h2><strong>4) La m\u00e9thode action<\/strong><\/h2>\n<p>&#8211; Pr\u00e9sentation de la m\u00e9thode<\/p>\n<p>&#8211; Pr\u00e9paration des prises de vue<\/p>\n<p>&#8211; Atelier de mis en pratique<\/p>\n<p>Pause<\/p>\n<h2><strong>5) La m\u00e9thode construite<\/strong><\/h2>\n<p>&#8211; Pr\u00e9sentation de la m\u00e9thode<\/p>\n<p>&#8211; Pr\u00e9paration des prises de vue<\/p>\n<p>&#8211; Atelier de mis en pratique<\/p>\n<p>&nbsp;<\/p>\n<h1><strong>Mat\u00e9riel n\u00e9cessaire<\/strong><\/h1>\n<ul>\n<li>Appareil photo avec mode priorit\u00e9 ouverture ou manuel (compact, bridge, hybride, reflex ou t\u00e9l\u00e9phone portable avanc\u00e9)<\/li>\n<li>Un objectif pour le portrait (focale entre 35 et 135mm)<\/li>\n<li>Batterie(s) pleine(s), carte m\u00e9moire vide.<\/li>\n<li>Un carnet de notes avec un stylo<\/li>\n<\/ul>\n<p>A boire (avec mod\u00e9ration)\/\u00e0 grignoter<\/p>\n<h1><strong>Dur\u00e9e<\/strong><\/h1>\n<p>4 heures<\/p>\n<h1><strong>Niveau<\/strong><\/h1>\n<p>Tous niveaux, de d\u00e9butant \u00e0 confirm\u00e9<\/p>\n<h1><span style=\"color: #ff0000;\"><strong>Remarque<\/strong><\/span><\/h1>\n<p><strong>Nous organisons le m\u00eame jour un autre stage dans l\u2019apr\u00e8s-midi. Si vous vous inscrivez aux 2 stages, vous obtiendrez une r\u00e9duction globale.<\/strong><\/p>\n<p><strong>Prix normal des 2 stages\u00a0 \u00a0 \u00a0 \u00a0 \u00a0 \u00a0 \u00a0 \u00a0 \u00a0 \u00a0 \u00a0 \u00a0 \u00a0 \u00a0 \u00a0 \u00a0 \u00a0 \u00a0 \u00a0 \u00a0 \u00a0 \u00a0 Prix sp\u00e9cial pack journ\u00e9e<\/strong><\/p>\n<p>Non-adh\u00e9rent =\u00a0 180 \u20ac\u00a0 \u00a0 \u00a0 \u00a0 \u00a0 \u00a0 \u00a0 \u00a0 \u00a0 \u00a0 \u00a0 \u00a0 \u00a0 \u00a0 \u00a0 \u00a0 \u00a0 \u00a0 \u00a0 \u00a0 \u00a0 \u00a0 \u00a0 \u00a0 \u00a0 \u00a0 \u00a0 \u00a0 Non-adh\u00e9rent = 150 \u20ac<\/p>\n<p>Adh\u00e9rent =\u00a0 150 \u20ac\u00a0 \u00a0 \u00a0 \u00a0 \u00a0 \u00a0 \u00a0 \u00a0 \u00a0 \u00a0 \u00a0 \u00a0 \u00a0 \u00a0 \u00a0 \u00a0 \u00a0 \u00a0 \u00a0 \u00a0 \u00a0 \u00a0 \u00a0 \u00a0 \u00a0 \u00a0 \u00a0 \u00a0 \u00a0 \u00a0 \u00a0 \u00a0 \u00a0Adh\u00e9rent = 120 \u20ac<\/p>\n<p>&nbsp;<\/p>\n<h3>Le remboursement de la diff\u00e9rence, suite \u00e0 l\u2019inscription aux 2 stages, se fera par virement apr\u00e8s\u00a0 le r\u00e8glement re\u00e7u pour les 2 stages.<\/h3>\n<p>&nbsp;<\/p>\n<h3><strong>\u00a0<a href=\"https:\/\/grain-d-pixel-association-pour-la-photographie.assoconnect.com\/collect\/description\/435831-m-portrait-3-methodes-infaillibles-pour-reussir-ses-portraits\" target=\"_blank\" rel=\"noopener\">Je m\u2019inscris en cliquant ici<\/a><\/strong><\/h3>\n","protected":false},"excerpt":{"rendered":"<p>Animateur Thibaut Froehly.\u00a0 Thibaut, n\u00e9 en 1987, est devenu photographe professionnel par passion. Sp\u00e9cialiste de la photo de paysage, il partage sa vision et son exp\u00e9rience lors de stages et [&hellip;]<\/p>\n","protected":false},"author":4,"featured_media":15824,"comment_status":"open","ping_status":"closed","template":"","meta":{"_bbp_topic_count":0,"_bbp_reply_count":0,"_bbp_total_topic_count":0,"_bbp_total_reply_count":0,"_bbp_voice_count":0,"_bbp_anonymous_reply_count":0,"_bbp_topic_count_hidden":0,"_bbp_reply_count_hidden":0,"_bbp_forum_subforum_count":0,"_monsterinsights_skip_tracking":false,"_monsterinsights_sitenote_active":false,"_monsterinsights_sitenote_note":"","_monsterinsights_sitenote_category":0,"_tribe_events_status":"","_tribe_events_status_reason":"","footnotes":""},"tags":[],"tribe_events_cat":[172,32,171],"class_list":["post-15725","tribe_events","type-tribe_events","status-publish","has-post-thumbnail","hentry","tribe_events_cat-catalogue","tribe_events_cat-evenement-grain-dpixel","tribe_events_cat-stage","cat_catalogue","cat_evenement-grain-dpixel","cat_stage"],"jetpack_sharing_enabled":true,"_links":{"self":[{"href":"https:\/\/grain-dpixel.fr\/info\/wp-json\/wp\/v2\/tribe_events\/15725","targetHints":{"allow":["GET"]}}],"collection":[{"href":"https:\/\/grain-dpixel.fr\/info\/wp-json\/wp\/v2\/tribe_events"}],"about":[{"href":"https:\/\/grain-dpixel.fr\/info\/wp-json\/wp\/v2\/types\/tribe_events"}],"author":[{"embeddable":true,"href":"https:\/\/grain-dpixel.fr\/info\/wp-json\/wp\/v2\/users\/4"}],"replies":[{"embeddable":true,"href":"https:\/\/grain-dpixel.fr\/info\/wp-json\/wp\/v2\/comments?post=15725"}],"version-history":[{"count":3,"href":"https:\/\/grain-dpixel.fr\/info\/wp-json\/wp\/v2\/tribe_events\/15725\/revisions"}],"predecessor-version":[{"id":15729,"href":"https:\/\/grain-dpixel.fr\/info\/wp-json\/wp\/v2\/tribe_events\/15725\/revisions\/15729"}],"wp:featuredmedia":[{"embeddable":true,"href":"https:\/\/grain-dpixel.fr\/info\/wp-json\/wp\/v2\/media\/15824"}],"wp:attachment":[{"href":"https:\/\/grain-dpixel.fr\/info\/wp-json\/wp\/v2\/media?parent=15725"}],"wp:term":[{"taxonomy":"post_tag","embeddable":true,"href":"https:\/\/grain-dpixel.fr\/info\/wp-json\/wp\/v2\/tags?post=15725"},{"taxonomy":"tribe_events_cat","embeddable":true,"href":"https:\/\/grain-dpixel.fr\/info\/wp-json\/wp\/v2\/tribe_events_cat?post=15725"}],"curies":[{"name":"wp","href":"https:\/\/api.w.org\/{rel}","templated":true}]}}