{"id":15542,"date":"2024-03-23T08:56:58","date_gmt":"2024-03-23T07:56:58","guid":{"rendered":"https:\/\/grain-dpixel.fr\/info\/?post_type=tribe_events&#038;p=15542"},"modified":"2024-03-23T09:03:12","modified_gmt":"2024-03-23T08:03:12","slug":"initiation-a-la-photo-de-paysage","status":"publish","type":"tribe_events","link":"https:\/\/grain-dpixel.fr\/info\/event\/initiation-a-la-photo-de-paysage\/","title":{"rendered":"Initiation \u00e0 la photo de paysage"},"content":{"rendered":"<h1><strong>Animateur<\/strong><\/h1>\n<h2><strong>Thibaut Froehly.\u00a0<\/strong><\/h2>\n<p>Thibaut, n\u00e9 en 1987, est devenu photographe professionnel par passion. Sp\u00e9cialiste de la photo de paysage, il partage sa vision et son exp\u00e9rience lors de stages et de s\u00e9jours d\u00e9di\u00e9s. Il est \u00e9galement formateur en photographie.<\/p>\n<h1><strong>Contexte\u00a0<\/strong><\/h1>\n<p>Se retrouver devant un paysage magnifique, le prendre en photo et se rendre compte sa photographie ne retranscrit absolument pas ce que l\u2019on voit et ce que l\u2019on ressent. Voil\u00e0 \u00e0 quoi ressemblaient les premiers essais en photo de paysage de Thibaut. Des \u00e9checs et de la frustration.<\/p>\n<p>Thibaut s&rsquo;est\u00a0int\u00e9ress\u00e9 \u00e0 la technique, a test\u00e9 plein d&rsquo;appareils photo et d&rsquo;objectifs, des filtres. Mais rien \u00e0 faire, ses paysages restaient banals et inint\u00e9ressants.<\/p>\n<p>Mais Thibaut s&rsquo;est accroch\u00e9, et il a trouv\u00e9 toutes les pi\u00e8ces pour assembler le puzzle. Imaginez sa joie, le jour o\u00f9 il a pu dire : \u00ab Je sais faire des photos de paysages comme je les vois, comme je les ressens. Et je sais les r\u00e9ussir \u00e0 coup s\u00fbr. Plus rien \u00e0 voir avec la chance ! \u00bb<\/p>\n<p>Dans ce stage, Thibaut explique sa m\u00e9thode pour r\u00e9ussir \u00e0 coup s\u00fbr vos photos de paysage, m\u00eame sans bon mat\u00e9riel. Vous mettrez cette m\u00e9thodologie en pratique, en allant ensemble sur le terrain. Il vous donnera ses conseils personnalis\u00e9s. Vous r\u00e9ussirez, ainsi,\u00a0 une photo de paysage.<\/p>\n<p>Si vous d\u00e9butez ou vous voulez progresser rapidement en photo de paysage, parfait, le stage est pour vous.<\/p>\n<h1><strong>Objectifs du stage<\/strong><\/h1>\n<ul>\n<li>R\u00e9aliser une belle photo de paysage<\/li>\n<li>Comprendre tous les aspects de la photo de paysage<\/li>\n<li>Savoir r\u00e9gler son appareil photo lors de la prise de vue<\/li>\n<li>Savoir comment \u00eatre au bon endroit au bon moment<\/li>\n<li>Apprendre \u00e0 composer et \u00e0 lire une image<\/li>\n<li>Comprendre les possibilit\u00e9s du post-traitement en paysage<\/li>\n<\/ul>\n<h1><strong>Dur\u00e9e<\/strong><\/h1>\n<p>Le stage se d\u00e9roule\u00a0 de 17h00 \u00e0 22h00 afin de permettre une prise de vue nocturne.<\/p>\n<h1><strong>Niveau<\/strong><\/h1>\n<p>Tous niveaux, de d\u00e9butant \u00e0 confirm\u00e9<\/p>\n<h1><strong>Date<\/strong><\/h1>\n<p><strong>Ce stage se d\u00e9roule le 11 mai. En cas de\u00a0 pluie, ce stage sera report\u00e9 au 19 mai.<\/strong><\/p>\n<h1><strong>Mat\u00e9riel n\u00e9cessaire<\/strong><\/h1>\n<ul>\n<li>Appareil photo avec mode manuel (compact, bridge, hybride, reflex ou t\u00e9l\u00e9phone portable avanc\u00e9)<\/li>\n<li>Un objectif grand angle (type 16-35 ou 10-20 en aps-c) ou standard (type 24-70 ou 18-55 en aps-c) \u00a0ou quelques focales fixes (16mm, 20 mm, 24mm, 28mm)<\/li>\n<li>Batterie(s) pleine(s), carte m\u00e9moire vide.<\/li>\n<li>Un carnet de notes avec un stylo<\/li>\n<\/ul>\n<h1><strong>Mat\u00e9riel optionnel<\/strong><\/h1>\n<ul>\n<li>Un tr\u00e9pied si possible<\/li>\n<\/ul>\n<h1><strong>D\u00e9roulement<\/strong><\/h1>\n<h2><strong>Partie 1 &#8211; Comment \u00eatre au bon endroit, au bon moment (45 mn)<\/strong><\/h2>\n<ul>\n<li>Accueil et pr\u00e9sentation des participants<\/li>\n<li>L&rsquo;intention photographique<\/li>\n<li>Pr\u00e9paration et planification : recherche de sujets, rep\u00e9rages, pr\u00e9dire la lumi\u00e8re<\/li>\n<\/ul>\n<h2><strong>Partie 2 &#8211; Le mat\u00e9riel et les r\u00e9glages<\/strong><strong> (45 mn)\u00a0<\/strong><\/h2>\n<ul>\n<li>Conseils sur les r\u00e9glages<\/li>\n<li>Ma\u00eetriser l\u2019exposition<\/li>\n<li>Atelier pratique : pr\u00e9paration du mat\u00e9riel, r\u00e9glages de l&rsquo;appareil photo<\/li>\n<\/ul>\n<p>Pause (30 mn)<\/p>\n<h2><strong>Partie 3 \u2013 Composer et lire une image ( 1h)<\/strong><\/h2>\n<ul>\n<li>Composition et lumi\u00e8re<\/li>\n<li>Analyse d\u2019image<\/li>\n<li>Atelier pratique : exercice de composition<\/li>\n<\/ul>\n<h2><strong>Partie 4 \u2013\u00a0Post traitement\u00a0: exprimer sa vision<\/strong><strong> (30 mn)<\/strong><\/h2>\n<ul>\n<li>Enjeux du post traitement<\/li>\n<li>Exemple de post-traitement sur Adobe Lightroom<\/li>\n<\/ul>\n<h2><strong>Partie 5 \u2013 Prises de vue sur le terrain (2h)<\/strong><\/h2>\n<ul>\n<li>Travail de la composition avec conseils individualis\u00e9s<\/li>\n<li>Conseils sur les choix de r\u00e9glages<\/li>\n<\/ul>\n<h1><span style=\"color: #ff0000;\"><strong>Attention<\/strong><\/span><\/h1>\n<p><strong>Nous organisons le m\u00eame jour un autre stage dans l\u2019apr\u00e8s-midi. Si vous vous inscrivez aux 2 stages, vous obtiendrez une r\u00e9duction globale.<\/strong><\/p>\n<p><strong>Prix normal des 2 stages\u00a0 \u00a0 \u00a0 \u00a0 \u00a0 \u00a0 \u00a0 \u00a0 \u00a0 \u00a0 \u00a0 \u00a0 \u00a0 \u00a0 \u00a0 \u00a0 \u00a0 \u00a0 \u00a0 \u00a0 \u00a0 \u00a0 Prix sp\u00e9cial pack journ\u00e9e<\/strong><\/p>\n<p><strong>Non-adh\u00e9rent =\u00a0 150 \u20ac\u00a0 \u00a0 \u00a0 \u00a0 \u00a0 \u00a0 \u00a0 \u00a0 \u00a0 \u00a0 \u00a0 \u00a0 \u00a0 \u00a0 \u00a0 \u00a0 \u00a0 \u00a0 \u00a0 \u00a0 \u00a0 \u00a0 \u00a0 \u00a0 \u00a0Non-adh\u00e9rent = 130 \u20ac<\/strong><\/p>\n<p><strong>Adh\u00e9rent =\u00a0 125 \u20ac\u00a0 \u00a0 \u00a0 \u00a0 \u00a0 \u00a0 \u00a0 \u00a0 \u00a0 \u00a0 \u00a0 \u00a0 \u00a0 \u00a0 \u00a0 \u00a0 \u00a0 \u00a0 \u00a0 \u00a0 \u00a0 \u00a0 \u00a0 \u00a0 \u00a0 \u00a0 \u00a0 \u00a0 \u00a0Adh\u00e9rent = 110 \u20ac<\/strong><\/p>\n<p>&nbsp;<\/p>\n<h2><span style=\"color: #ff0000;\">Le remboursement, suite \u00e0 l\u2019inscription aux 2 stages, se fera par virement apr\u00e8s\u00a0 le r\u00e8glement re\u00e7u pour les 2 stages.<\/span><\/h2>\n<p>&nbsp;<\/p>\n<h3><strong>\u00a0<a href=\"https:\/\/grain-d-pixel-association-pour-la-photographie.assoconnect.com\/collect\/description\/409762-m-initiation-a-la-photo-de-paysage-par-thibaut-froehly\" target=\"_blank\" rel=\"noopener\">Je m\u2019inscris en cliquant ici<\/a><\/strong><\/h3>\n","protected":false},"excerpt":{"rendered":"<p>Animateur Thibaut Froehly.\u00a0 Thibaut, n\u00e9 en 1987, est devenu photographe professionnel par passion. Sp\u00e9cialiste de la photo de paysage, il partage sa vision et son exp\u00e9rience lors de stages et [&hellip;]<\/p>\n","protected":false},"author":4,"featured_media":15545,"comment_status":"open","ping_status":"closed","template":"","meta":{"_bbp_topic_count":0,"_bbp_reply_count":0,"_bbp_total_topic_count":0,"_bbp_total_reply_count":0,"_bbp_voice_count":0,"_bbp_anonymous_reply_count":0,"_bbp_topic_count_hidden":0,"_bbp_reply_count_hidden":0,"_bbp_forum_subforum_count":0,"_monsterinsights_skip_tracking":false,"_monsterinsights_sitenote_active":false,"_monsterinsights_sitenote_note":"","_monsterinsights_sitenote_category":0,"_tribe_events_status":"","_tribe_events_status_reason":"","footnotes":""},"tags":[176,203],"tribe_events_cat":[172,171],"class_list":["post-15542","tribe_events","type-tribe_events","status-publish","has-post-thumbnail","hentry","tag-stage","tag-stage-photo","tribe_events_cat-catalogue","tribe_events_cat-stage","cat_catalogue","cat_stage"],"jetpack_sharing_enabled":true,"_links":{"self":[{"href":"https:\/\/grain-dpixel.fr\/info\/wp-json\/wp\/v2\/tribe_events\/15542","targetHints":{"allow":["GET"]}}],"collection":[{"href":"https:\/\/grain-dpixel.fr\/info\/wp-json\/wp\/v2\/tribe_events"}],"about":[{"href":"https:\/\/grain-dpixel.fr\/info\/wp-json\/wp\/v2\/types\/tribe_events"}],"author":[{"embeddable":true,"href":"https:\/\/grain-dpixel.fr\/info\/wp-json\/wp\/v2\/users\/4"}],"replies":[{"embeddable":true,"href":"https:\/\/grain-dpixel.fr\/info\/wp-json\/wp\/v2\/comments?post=15542"}],"version-history":[{"count":1,"href":"https:\/\/grain-dpixel.fr\/info\/wp-json\/wp\/v2\/tribe_events\/15542\/revisions"}],"predecessor-version":[{"id":15544,"href":"https:\/\/grain-dpixel.fr\/info\/wp-json\/wp\/v2\/tribe_events\/15542\/revisions\/15544"}],"wp:featuredmedia":[{"embeddable":true,"href":"https:\/\/grain-dpixel.fr\/info\/wp-json\/wp\/v2\/media\/15545"}],"wp:attachment":[{"href":"https:\/\/grain-dpixel.fr\/info\/wp-json\/wp\/v2\/media?parent=15542"}],"wp:term":[{"taxonomy":"post_tag","embeddable":true,"href":"https:\/\/grain-dpixel.fr\/info\/wp-json\/wp\/v2\/tags?post=15542"},{"taxonomy":"tribe_events_cat","embeddable":true,"href":"https:\/\/grain-dpixel.fr\/info\/wp-json\/wp\/v2\/tribe_events_cat?post=15542"}],"curies":[{"name":"wp","href":"https:\/\/api.w.org\/{rel}","templated":true}]}}