{"id":15042,"date":"2023-09-21T11:12:33","date_gmt":"2023-09-21T09:12:33","guid":{"rendered":"https:\/\/grain-dpixel.fr\/info\/?post_type=tribe_events&#038;p=15042"},"modified":"2023-09-29T14:06:39","modified_gmt":"2023-09-29T12:06:39","slug":"semaine-de-la-photo-a-valentigney-art-et-artisanat-invitee-dhonneur-elsa-dupont","status":"publish","type":"tribe_events","link":"https:\/\/grain-dpixel.fr\/info\/event\/semaine-de-la-photo-a-valentigney-art-et-artisanat-invitee-dhonneur-elsa-dupont\/","title":{"rendered":"SEMAINE DE LA PHOTO \u00e0 VALENTIGNEY  \u00ab\u00a0Art et Artisanat\u00a0\u00bb &#8211; INVITEE D&rsquo;HONNEUR : ELSA DUPONT"},"content":{"rendered":"<div>EXPOSITION PHOTO &#x1f4f7; <strong>du 30 septembre au 8 octobre 2023\u00a0<\/strong><\/div>\n<div>Vernissage 30 septembre \u00e0 18h<\/div>\n<div>Salle Belon, 8 Rue Carnot \u00e0 Valentigney.<\/div>\n<div><\/div>\n<div>Exposition photo sur le th\u00e8me Art et Artisanat avec pour Invit\u00e9e d&rsquo;honneur : ELSA DUPONT (membre de grain d&rsquo;pixel)<\/div>\n<div><\/div>\n<div><em>D\u00e9couvrez \u00e0 travers mes yeux, une interpr\u00e9tation intimiste du th\u00e8me Art et Artisanat bas\u00e9e sur le processus de transformation d\u2019une personne. Dans notre monde actuel, le travail prend une place tr\u00e8s importante \u00e0 tel point que les personnes pourraient \u00eatre per\u00e7ues comme des unit\u00e9s de production individuelles. Je vous propose un \u00e9clairage diff\u00e9rent pour mettre en avant l\u2019Homme et remettre le travail \u00e0 sa juste place.\u00a0<\/em><\/div>\n<div><\/div>\n<div><em>Et si la r\u00e9ponse \u00e0 la question \u00ab Que fais-tu dans la vie ? \u00bb \u00e9tait je suis artisan de moi-m\u00eame, je travaille sur moi pour me construire une vie qui me plait.<\/em><\/div>\n<div><\/div>\n<div><em>Je propose une d\u00e9marche cathartique \u00e0 mes mod\u00e8les en mat\u00e9rialisant trois p\u00e9riodes clefs de leur vie : pass\u00e9, pr\u00e9sent et futur.<\/em><\/div>\n<div><\/div>\n<div><em>Ces processus cr\u00e9atif, personnel et partag\u00e9 priment sur la finalit\u00e9 qui n&rsquo;est qu&rsquo;une photographie d&rsquo;un instant d&rsquo;une vie non lin\u00e9aire.<\/em><\/div>\n<div><\/div>\n","protected":false},"excerpt":{"rendered":"<p>EXPOSITION PHOTO &#x1f4f7; du 30 septembre au 8 octobre 2023\u00a0 Vernissage 30 septembre \u00e0 18h Salle Belon, 8 Rue Carnot \u00e0 Valentigney. Exposition photo sur le th\u00e8me Art et Artisanat [&hellip;]<\/p>\n","protected":false},"author":12,"featured_media":15043,"comment_status":"open","ping_status":"closed","template":"","meta":{"_bbp_topic_count":0,"_bbp_reply_count":0,"_bbp_total_topic_count":0,"_bbp_total_reply_count":0,"_bbp_voice_count":0,"_bbp_anonymous_reply_count":0,"_bbp_topic_count_hidden":0,"_bbp_reply_count_hidden":0,"_bbp_forum_subforum_count":0,"_monsterinsights_skip_tracking":false,"_monsterinsights_sitenote_active":false,"_monsterinsights_sitenote_note":"","_monsterinsights_sitenote_category":0,"_tribe_events_status":"","_tribe_events_status_reason":"","footnotes":""},"tags":[],"tribe_events_cat":[12],"class_list":["post-15042","tribe_events","type-tribe_events","status-publish","has-post-thumbnail","hentry","tribe_events_cat-visite-expo","cat_visite-expo"],"jetpack_sharing_enabled":true,"_links":{"self":[{"href":"https:\/\/grain-dpixel.fr\/info\/wp-json\/wp\/v2\/tribe_events\/15042","targetHints":{"allow":["GET"]}}],"collection":[{"href":"https:\/\/grain-dpixel.fr\/info\/wp-json\/wp\/v2\/tribe_events"}],"about":[{"href":"https:\/\/grain-dpixel.fr\/info\/wp-json\/wp\/v2\/types\/tribe_events"}],"author":[{"embeddable":true,"href":"https:\/\/grain-dpixel.fr\/info\/wp-json\/wp\/v2\/users\/12"}],"replies":[{"embeddable":true,"href":"https:\/\/grain-dpixel.fr\/info\/wp-json\/wp\/v2\/comments?post=15042"}],"version-history":[{"count":2,"href":"https:\/\/grain-dpixel.fr\/info\/wp-json\/wp\/v2\/tribe_events\/15042\/revisions"}],"predecessor-version":[{"id":15078,"href":"https:\/\/grain-dpixel.fr\/info\/wp-json\/wp\/v2\/tribe_events\/15042\/revisions\/15078"}],"wp:featuredmedia":[{"embeddable":true,"href":"https:\/\/grain-dpixel.fr\/info\/wp-json\/wp\/v2\/media\/15043"}],"wp:attachment":[{"href":"https:\/\/grain-dpixel.fr\/info\/wp-json\/wp\/v2\/media?parent=15042"}],"wp:term":[{"taxonomy":"post_tag","embeddable":true,"href":"https:\/\/grain-dpixel.fr\/info\/wp-json\/wp\/v2\/tags?post=15042"},{"taxonomy":"tribe_events_cat","embeddable":true,"href":"https:\/\/grain-dpixel.fr\/info\/wp-json\/wp\/v2\/tribe_events_cat?post=15042"}],"curies":[{"name":"wp","href":"https:\/\/api.w.org\/{rel}","templated":true}]}}