{"id":14731,"date":"2023-07-24T10:56:23","date_gmt":"2023-07-24T08:56:23","guid":{"rendered":"https:\/\/grain-dpixel.fr\/info\/?post_type=tribe_events&#038;p=14731"},"modified":"2023-07-24T11:11:51","modified_gmt":"2023-07-24T09:11:51","slug":"la-vie-des-quartiers-besancon-jaime-ma-ville","status":"publish","type":"tribe_events","link":"https:\/\/grain-dpixel.fr\/info\/event\/la-vie-des-quartiers-besancon-jaime-ma-ville\/","title":{"rendered":"La vie des quartiers &#8211; Besan\u00e7on j&rsquo;aime ma ville"},"content":{"rendered":"<p>Grain d&rsquo;Pixel invite Besan\u00e7on j&rsquo;aime ma ville<\/p>\n<p>Pendant plusieurs mois, 10 adh\u00e9rents du groupe Facebook Besan\u00e7on j&rsquo;aime ma ville ont photographi\u00e9 sous la direction artistique de grain d&rsquo;Pixel la vie des quartier de leur ville pr\u00e9f\u00e9r\u00e9e.<\/p>\n<p>Cette exposition est la restitution du travail collectif de leur groupe.<\/p>\n<p>\u00ab\u00a0<em>Bien s\u00fbr tu l\u2019aimes ta ville. Fl\u00e2ner ne suffit plus. Arr\u00eate-toi et regarde. Parle, joue, approche tes semblables, ils sont la vie de la ville. Si rien ne bouge plus, elle se mourra. Quand ils se parlent, quand ils se sourient, te sourient, quand ils arpentent ses rues, se posent \u00e0 l\u2019ombre de ses arbres, qu\u2019ils travaillent, qu\u2019ils courent, tambourinent, rasent ou s\u2019aiment alors ses habitants donnent vie \u00e0 ses rues, ses parcs, ses commerces ; \u00e0 ses quartiers.<\/em><br \/>\n<em>Et toi tu le vois.\u00a0\u00bb<\/em><\/p>\n<p>Samedi 19 et dimanche 20 Ao\u00fbt de 10h00 \u00e0 18h00<br \/>\ndu mardi 21 au dimanche 27 ao\u00fbt de 14h00 \u00e0 18h00<\/p>\n<p>Grain d&rsquo;Pixel a d\u00e9cid\u00e9 de partager l&rsquo;espace de la galerie avec l&rsquo;association Musiques en perspective qui tiendra la billetterie du <a href=\"https:\/\/festivaldemontfaucon.com\/brochure-festival-2023-volet-2\" target=\"_blank\" rel=\"noopener\">festival de Musique de Montfaucon<\/a>. Il sera donc possible de visiter l&rsquo;exposition pendant les heures d&rsquo;ouverture de la billetterie.<\/p>\n","protected":false},"excerpt":{"rendered":"<p>Grain d&rsquo;Pixel invite Besan\u00e7on j&rsquo;aime ma ville Pendant plusieurs mois, 10 adh\u00e9rents du groupe Facebook Besan\u00e7on j&rsquo;aime ma ville ont photographi\u00e9 sous la direction artistique de grain d&rsquo;Pixel la vie [&hellip;]<\/p>\n","protected":false},"author":1,"featured_media":14732,"comment_status":"open","ping_status":"closed","template":"","meta":{"_bbp_topic_count":0,"_bbp_reply_count":0,"_bbp_total_topic_count":0,"_bbp_total_reply_count":0,"_bbp_voice_count":0,"_bbp_anonymous_reply_count":0,"_bbp_topic_count_hidden":0,"_bbp_reply_count_hidden":0,"_bbp_forum_subforum_count":0,"_monsterinsights_skip_tracking":false,"_monsterinsights_sitenote_active":false,"_monsterinsights_sitenote_note":"","_monsterinsights_sitenote_category":0,"_tribe_events_status":"","_tribe_events_status_reason":"","footnotes":""},"tags":[],"tribe_events_cat":[36],"class_list":["post-14731","tribe_events","type-tribe_events","status-publish","has-post-thumbnail","hentry","tribe_events_cat-exposition-gdp","cat_exposition-gdp"],"jetpack_sharing_enabled":true,"_links":{"self":[{"href":"https:\/\/grain-dpixel.fr\/info\/wp-json\/wp\/v2\/tribe_events\/14731","targetHints":{"allow":["GET"]}}],"collection":[{"href":"https:\/\/grain-dpixel.fr\/info\/wp-json\/wp\/v2\/tribe_events"}],"about":[{"href":"https:\/\/grain-dpixel.fr\/info\/wp-json\/wp\/v2\/types\/tribe_events"}],"author":[{"embeddable":true,"href":"https:\/\/grain-dpixel.fr\/info\/wp-json\/wp\/v2\/users\/1"}],"replies":[{"embeddable":true,"href":"https:\/\/grain-dpixel.fr\/info\/wp-json\/wp\/v2\/comments?post=14731"}],"version-history":[{"count":4,"href":"https:\/\/grain-dpixel.fr\/info\/wp-json\/wp\/v2\/tribe_events\/14731\/revisions"}],"predecessor-version":[{"id":14740,"href":"https:\/\/grain-dpixel.fr\/info\/wp-json\/wp\/v2\/tribe_events\/14731\/revisions\/14740"}],"wp:featuredmedia":[{"embeddable":true,"href":"https:\/\/grain-dpixel.fr\/info\/wp-json\/wp\/v2\/media\/14732"}],"wp:attachment":[{"href":"https:\/\/grain-dpixel.fr\/info\/wp-json\/wp\/v2\/media?parent=14731"}],"wp:term":[{"taxonomy":"post_tag","embeddable":true,"href":"https:\/\/grain-dpixel.fr\/info\/wp-json\/wp\/v2\/tags?post=14731"},{"taxonomy":"tribe_events_cat","embeddable":true,"href":"https:\/\/grain-dpixel.fr\/info\/wp-json\/wp\/v2\/tribe_events_cat?post=14731"}],"curies":[{"name":"wp","href":"https:\/\/api.w.org\/{rel}","templated":true}]}}