{"id":11024,"date":"2022-09-03T21:38:25","date_gmt":"2022-09-03T19:38:25","guid":{"rendered":"http:\/\/grain-dpixel.fr\/info\/?post_type=tribe_events&#038;p=11024"},"modified":"2022-09-03T21:38:25","modified_gmt":"2022-09-03T19:38:25","slug":"mode-ouverture-urbex-family-2","status":"publish","type":"tribe_events","link":"https:\/\/grain-dpixel.fr\/info\/event\/mode-ouverture-urbex-family-2\/","title":{"rendered":"MODE OUVERTURE &#8211; URBEX FAMILY"},"content":{"rendered":"<p class=\"yiv4147960249MsoNormal\"><span class=\"yiv4147960249\" lang=\"fr\">Pour la premi\u00e8re fois, Mode Ouverture invite un p\u00e8re et sa fille, tous deux passionn\u00e9s de photo URBEX \u00e0 exposer leurs photos \u00e0 l\u2019Espace Gandhi. Deux regards, deux approches diff\u00e9rentes qui vous feront d\u00e9couvrir le monde fascinant de l\u2019exploration des b\u00e2timents oubli\u00e9s<\/span><\/p>\n<p>Vernissage : <b class=\"yiv4147960249\">Samedi 10 septembre 2022 \u00e0 18h \u00e0 l\u2019Espace Gandhi \u00e0 Audincourt<\/b><\/p>\n<p>Pour plus de renseignements, merci de cliquer le lien ci-dessous :<\/p>\n<p>http:\/\/www.modeouverture.com\/pages\/expositions\/zoomsur\/zoom-sur-estelle-et-patrick-urbani-septembre-2022.html<\/p>\n","protected":false},"excerpt":{"rendered":"<p>Pour la premi\u00e8re fois, Mode Ouverture invite un p\u00e8re et sa fille, tous deux passionn\u00e9s de photo URBEX \u00e0 exposer leurs photos \u00e0 l\u2019Espace Gandhi. Deux regards, deux approches diff\u00e9rentes [&hellip;]<\/p>\n","protected":false},"author":12,"featured_media":11022,"comment_status":"open","ping_status":"closed","template":"","meta":{"_bbp_topic_count":0,"_bbp_reply_count":0,"_bbp_total_topic_count":0,"_bbp_total_reply_count":0,"_bbp_voice_count":0,"_bbp_anonymous_reply_count":0,"_bbp_topic_count_hidden":0,"_bbp_reply_count_hidden":0,"_bbp_forum_subforum_count":0,"_monsterinsights_skip_tracking":false,"_monsterinsights_sitenote_active":false,"_monsterinsights_sitenote_note":"","_monsterinsights_sitenote_category":0,"_tribe_events_status":"","_tribe_events_status_reason":"","footnotes":""},"tags":[],"tribe_events_cat":[12],"class_list":["post-11024","tribe_events","type-tribe_events","status-publish","has-post-thumbnail","hentry","tribe_events_cat-visite-expo","cat_visite-expo"],"jetpack_sharing_enabled":true,"_links":{"self":[{"href":"https:\/\/grain-dpixel.fr\/info\/wp-json\/wp\/v2\/tribe_events\/11024","targetHints":{"allow":["GET"]}}],"collection":[{"href":"https:\/\/grain-dpixel.fr\/info\/wp-json\/wp\/v2\/tribe_events"}],"about":[{"href":"https:\/\/grain-dpixel.fr\/info\/wp-json\/wp\/v2\/types\/tribe_events"}],"author":[{"embeddable":true,"href":"https:\/\/grain-dpixel.fr\/info\/wp-json\/wp\/v2\/users\/12"}],"replies":[{"embeddable":true,"href":"https:\/\/grain-dpixel.fr\/info\/wp-json\/wp\/v2\/comments?post=11024"}],"version-history":[{"count":1,"href":"https:\/\/grain-dpixel.fr\/info\/wp-json\/wp\/v2\/tribe_events\/11024\/revisions"}],"predecessor-version":[{"id":11025,"href":"https:\/\/grain-dpixel.fr\/info\/wp-json\/wp\/v2\/tribe_events\/11024\/revisions\/11025"}],"wp:featuredmedia":[{"embeddable":true,"href":"https:\/\/grain-dpixel.fr\/info\/wp-json\/wp\/v2\/media\/11022"}],"wp:attachment":[{"href":"https:\/\/grain-dpixel.fr\/info\/wp-json\/wp\/v2\/media?parent=11024"}],"wp:term":[{"taxonomy":"post_tag","embeddable":true,"href":"https:\/\/grain-dpixel.fr\/info\/wp-json\/wp\/v2\/tags?post=11024"},{"taxonomy":"tribe_events_cat","embeddable":true,"href":"https:\/\/grain-dpixel.fr\/info\/wp-json\/wp\/v2\/tribe_events_cat?post=11024"}],"curies":[{"name":"wp","href":"https:\/\/api.w.org\/{rel}","templated":true}]}}