{"id":8053,"date":"2020-06-28T17:34:53","date_gmt":"2020-06-28T15:34:53","guid":{"rendered":"http:\/\/grain-dpixel.fr\/info\/?page_id=8053"},"modified":"2020-10-14T14:02:44","modified_gmt":"2020-10-14T12:02:44","slug":"programme-2020","status":"publish","type":"page","link":"https:\/\/grain-dpixel.fr\/info\/programme-2020\/","title":{"rendered":"Programme Festival Photographie Besan\u00e7on 2020"},"content":{"rendered":"\n<p class=\"has-text-align-center has-large-font-size wp-block-paragraph\"><strong>-oO LE RALLYE  Oo-<\/strong><\/p>\n\n\n\n<p class=\"has-text-align-center wp-block-paragraph\">-oOo-<br>L<strong>e 19 septembre 2020 de 14h00 \u00e0 19h00<\/strong><br>-oOo-<br>4 heures, 4 d\u00e9fis, 4photos<br>un jury de professionnels<br>JC POLIEN &#8211; Photographe<br>Delph ine  &#8211; Mod\u00e8le<br>Fr\u00e9d\u00e9ric JIMENEZ &#8211; Journaliste<br>Erick PEUGEOT &#8211; Organisateur de festival photo<br><a rel=\"noreferrer noopener\" href=\"http:\/\/grain-dpixel.fr\/info\/rallye-photographie-besancon-2020\/\" target=\"_blank\"><strong>Inscriptions en cliquant ici<\/strong><\/a><\/p>\n\n\n\n<p class=\"has-text-align-center has-large-font-size wp-block-paragraph\"><strong>-oO LES ANIMATIONS  AU KURSAAL Oo-<\/strong><br><em>En pr\u00e9sence des artistes<\/em><br>-o0o-<\/p>\n\n\n\n<p class=\"has-text-align-center wp-block-paragraph\"><strong>le 17 octobre 2020<\/strong><br>-o0o-<br><strong>11H00 . PIXII : David BARTH, cr\u00e9ateur de l\u2019appareil PIXII,<\/strong> pr\u00e9sente son nouveau concept, l\u2019aventure de sa conception et propose une prise en main.<br><strong>14H00 . NH CREATIVE :<\/strong> Reportage sur la vie des usagers dans un foyer de r\u00e9insertion.<br><strong>15H00 . Francis meslet :<\/strong> Reportage sur des lieux oubli\u00e9s dans toute l\u2019Europe.<br><strong>16H00 . Maxime lamboley : <\/strong>Reportage sur le Groupe d\u2019Entraide Mutuel \u00ab\u2009\u2009La Grange de L\u00e9o\u2009\u00bb.<br><strong>17H00 . Marc Denny :<\/strong> Reportage en Inde et au Ladakh<br>-oOo-<br><strong>le 17 octobre 2020<\/strong><br>-o0o-<br><strong>14H00 . Pierre crabbe : <\/strong>Les conditions de r\u00e9alisation de l\u2019exposition \u00ab\u2009Agritecture \u2013 Silos \u00e0 grains\u2009\u00bb<br><strong>15H00 . Th\u00e9o GUEZENNEC : <\/strong>Projection du film : \u00ab\u2009Regarde, on ne voit rien\u2009\u00bb. Suivi d\u2019un d\u00e9bat.<br><strong>16H00 . Alexandra SOPHIE : <\/strong>T\u00e9moignage sur le m\u00e9tier de photographe de mode professionnelle.<\/p>\n\n\n\n<p class=\"has-text-align-center has-large-font-size wp-block-paragraph\"><strong>-oO LES EXPOSITIONS Oo-<\/strong><\/p>\n\n\n\n<p class=\"has-text-align-center wp-block-paragraph\"><br>-oOo-<br><strong>Du 26 septembre au 18 octobre 2020<\/strong><br>-oOo-<br><strong>ASEP<\/strong> &#8211; <strong><em>22 rue R\u00e9sal, Besan\u00e7on<\/em><\/strong> &#8211; David Cesbron <br><strong>Brasserie Granvelle<em> &#8211;  3 place Granvelle, Besan\u00e7on<\/em><\/strong> &#8211; Christian Capasso &#8211; Th\u00e9o Guezennec <br><strong>Habitat jeunes les oiseaux<em> &#8211; 48 rue des Cras, Besan\u00e7on<\/em><\/strong> &#8211; H\u00e9lo\u00efse Berns &#8211; Fabien Forster <br><strong>le marulaz<\/strong> <strong><em>&#8211; 2 place Marulaz, Besan\u00e7on <\/em><\/strong>&#8211; Francis Meslet &#8211; Vanda Spengler <br><strong>\u00d6st Caf\u00e9<em> &#8211; 48 quai Veil-Picard, Besan\u00e7on<\/em><\/strong>  &#8211; Sandrine Olivier <br>-oOo-<br><strong>Du 26 septembre au 1er novembre 2020<\/strong><br>-oOo-<br><strong>Mus\u00e9e des maisons comtoises<\/strong> &#8211; <strong><em>Nancray  <\/em><\/strong>&#8211; Daniel Visse &#8211; Dominique Ferveur &#8211; Fabienne Mondi\u00e9 &#8211; Mara De Sario &#8211; Marion Romagnan &#8211; <br>Maxime Lamboley &#8211; Nathalie Ducrot &#8211; Pascal Bastien &#8211; St\u00e9phane Renaux &#8211;<br>-oOo-<br><strong>du 17 octobre de 10h00 \u00e0 19h00<\/strong><br><strong>au 18 octobre 2020 de 10h00 \u00e0 18h00<\/strong> <br><em>en pr\u00e9sence des artistes<\/em><strong><br>KURSAAL<em> &#8211; 2 place du th\u00e9\u00e2tre<\/em>, <em>Besan\u00e7on <\/em><\/strong>&#8211; Adrien Sauvage &#8211; Alexandra Sophie &#8211; Anne Gerlinger &#8211; Arto Pazat -Benjamin Caillibot &#8211; Beno\u00eet Outrey &#8211; Bernard Lepley -Caroline Sattler -Claire Mormina &#8211; Louise A Depaume &#8211; Emeline Larher &#8211; Isabelle Durand -Jean-Christophe Polien &#8211; Jean-Pierre Creissen &#8211; Jean-Robert Longhi -Laurent Benoit &#8211; Lionel Planes &#8211; Marc Denny -Mathieu Weimer &#8211; Melune &#8211; Michel Lersy &#8211; NH Cr\u00e9ative -Patrice Forsans &#8211; Pierre Crabbe &#8211; Pierre Richard &#8211; S\u00e9verin Rochet &#8211;<br>St\u00e9phane Navailles &#8211; Sylvain Charvet &#8211; Pixsc\u00e8nes &#8211; Val\u00e9rie Gastine &#8211;<\/p>\n\n\n\n<h2 class=\"has-text-align-center wp-block-heading\"><a href=\"http:\/\/grain-dpixel.fr\/info\/wp-content\/uploads\/2020\/10\/programme-2020.pdf\" target=\"_blank\" rel=\"noreferrer noopener\">T\u00e9l\u00e9chargez le programme <\/a><\/h2>\n\n\n\n<p class=\"wp-block-paragraph\"><\/p>\n","protected":false},"excerpt":{"rendered":"<p>-oO LE RALLYE Oo- -oOo-Le 19 septembre 2020 de 14h00 \u00e0 19h00-oOo-4 heures, 4 d\u00e9fis, 4photosun jury de professionnelsJC POLIEN &#8211; PhotographeDelph ine &#8211; Mod\u00e8leFr\u00e9d\u00e9ric JIMENEZ &#8211; JournalisteErick PEUGEOT &#8211; [&hellip;]<\/p>\n","protected":false},"author":1,"featured_media":0,"parent":0,"menu_order":0,"comment_status":"closed","ping_status":"closed","template":"","meta":{"_bbp_topic_count":0,"_bbp_reply_count":0,"_bbp_total_topic_count":0,"_bbp_total_reply_count":0,"_bbp_voice_count":0,"_bbp_anonymous_reply_count":0,"_bbp_topic_count_hidden":0,"_bbp_reply_count_hidden":0,"_bbp_forum_subforum_count":0,"_monsterinsights_skip_tracking":false,"footnotes":""},"class_list":["post-8053","page","type-page","status-publish","hentry"],"jetpack_sharing_enabled":true,"_links":{"self":[{"href":"https:\/\/grain-dpixel.fr\/info\/wp-json\/wp\/v2\/pages\/8053","targetHints":{"allow":["GET"]}}],"collection":[{"href":"https:\/\/grain-dpixel.fr\/info\/wp-json\/wp\/v2\/pages"}],"about":[{"href":"https:\/\/grain-dpixel.fr\/info\/wp-json\/wp\/v2\/types\/page"}],"author":[{"embeddable":true,"href":"https:\/\/grain-dpixel.fr\/info\/wp-json\/wp\/v2\/users\/1"}],"replies":[{"embeddable":true,"href":"https:\/\/grain-dpixel.fr\/info\/wp-json\/wp\/v2\/comments?post=8053"}],"version-history":[{"count":10,"href":"https:\/\/grain-dpixel.fr\/info\/wp-json\/wp\/v2\/pages\/8053\/revisions"}],"predecessor-version":[{"id":8618,"href":"https:\/\/grain-dpixel.fr\/info\/wp-json\/wp\/v2\/pages\/8053\/revisions\/8618"}],"wp:attachment":[{"href":"https:\/\/grain-dpixel.fr\/info\/wp-json\/wp\/v2\/media?parent=8053"}],"curies":[{"name":"wp","href":"https:\/\/api.w.org\/{rel}","templated":true}]}}